{"id":7382,"date":"2025-06-06T12:31:55","date_gmt":"2025-06-06T10:31:55","guid":{"rendered":"https:\/\/richardgrando.com\/?page_id=7382"},"modified":"2026-02-04T15:44:25","modified_gmt":"2026-02-04T14:44:25","slug":"selected-works","status":"publish","type":"page","link":"https:\/\/richardgrando.com\/en\/selected-works\/","title":{"rendered":"SELECTED WORKS"},"content":{"rendered":"<div class=\"wp-block-visual-portfolio alignwide\">\n<div class=\"vp-portfolio vp-uid-45967ae6 vp-id-WHY9V\"\n\tdata-vp-layout=\"masonry\" data-vp-content-source=\"images\" data-vp-items-style=\"default\" data-vp-items-click-action=\"popup_gallery\" data-vp-items-gap=\"15\" data-vp-items-gap-vertical=\"\" data-vp-pagination=\"infinite\" data-vp-next-page-url=\"https:\/\/richardgrando.com\/en\/wp-json\/wp\/v2\/pages\/7382?vp_page=2\" data-vp-masonry-columns=\"3\" >\n\t<div class=\"vp-portfolio__preloader-wrap\">\n\t\t<div class=\"vp-portfolio__preloader\">\n\t\t\t<img decoding=\"async\" loading=\"eager\" src=\"https:\/\/richardgrando.com\/wp-content\/plugins\/visual-portfolio\/assets\/images\/logo-dark.svg\" alt=\"Visual Portfolio, Posts &amp; Image Gallery for WordPress\" width=\"20\" height=\"20\" data-skip-lazy>\n\t\t<\/div>\n\t<\/div>\n\t\t<div class=\"vp-portfolio__items-wrap\">\n\t\t\t\n<div class=\"vp-portfolio__items vp-portfolio__items-style-default vp-portfolio__items-show-overlay-hover\">\n\n\t\t<div\t\tclass=\"vp-portfolio__item-wrap vp-portfolio__item-uid-bb2e2013\" data-vp-filter=\"\" \t\t>\n\t\t\t<template class=\"vp-portfolio__item-popup\" data-vp-popup-img=\"https:\/\/richardgrando.com\/wp-content\/uploads\/2025\/06\/zeitgenoessische-kunst-ortenburg-grando-fine-art.jpg\" data-vp-popup-img-srcset=\"https:\/\/richardgrando.com\/wp-content\/uploads\/2025\/06\/zeitgenoessische-kunst-ortenburg-grando-fine-art.jpg 1125w, https:\/\/richardgrando.com\/wp-content\/uploads\/2025\/06\/zeitgenoessische-kunst-ortenburg-grando-fine-art-225x300.jpg 225w, https:\/\/richardgrando.com\/wp-content\/uploads\/2025\/06\/zeitgenoessische-kunst-ortenburg-grando-fine-art-768x1024.jpg 768w, https:\/\/richardgrando.com\/wp-content\/uploads\/2025\/06\/zeitgenoessische-kunst-ortenburg-grando-fine-art-9x12.jpg 9w, https:\/\/richardgrando.com\/wp-content\/uploads\/2025\/06\/zeitgenoessische-kunst-ortenburg-grando-fine-art-500x667.jpg 500w, https:\/\/richardgrando.com\/wp-content\/uploads\/2025\/06\/zeitgenoessische-kunst-ortenburg-grando-fine-art-800x1067.jpg 800w, https:\/\/richardgrando.com\/wp-content\/uploads\/2025\/06\/zeitgenoessische-kunst-ortenburg-grando-fine-art-400x533.jpg 400w, https:\/\/richardgrando.com\/wp-content\/uploads\/2025\/06\/zeitgenoessische-kunst-ortenburg-grando-fine-art-1000x1333.jpg 1000w\" data-vp-popup-img-size=\"1125x1500\" data-vp-popup-md-img=\"https:\/\/richardgrando.com\/wp-content\/uploads\/2025\/06\/zeitgenoessische-kunst-ortenburg-grando-fine-art-800x1067.jpg\" data-vp-popup-md-img-size=\"800x1067\" data-vp-popup-sm-img=\"https:\/\/richardgrando.com\/wp-content\/uploads\/2025\/06\/zeitgenoessische-kunst-ortenburg-grando-fine-art-500x667.jpg\" data-vp-popup-sm-img-size=\"500x667\">\n\t<\/template>\n\t\t\t\t\t\t<figure class=\"vp-portfolio__item\">\n\t\t\t\t\n<div class=\"vp-portfolio__item-img-wrap\">\n\t<div class=\"vp-portfolio__item-img\">\n\t\t\t<a\n\t\thref=\"https:\/\/richardgrando.com\/wp-content\/uploads\/2025\/06\/zeitgenoessische-kunst-ortenburg-grando-fine-art.jpg\"\n\t\taria-label=\"Open image\" \t>\n\t\n\t\t<noscript><img loading=\"lazy\" decoding=\"async\" width=\"1125\" height=\"1500\" data-skip-lazy src=\"https:\/\/richardgrando.com\/wp-content\/uploads\/2025\/06\/zeitgenoessische-kunst-ortenburg-grando-fine-art.jpg\" class=\"wp-image-7392\" alt=\"Cinematische Fotokunst einer Hand \u00fcber einer Pf\u00fctze mit Himmelsspiegelung in einer Wiese, k\u00fcnstlerische Alltagsabstraktion von Richard Grando.\" srcset=\"https:\/\/richardgrando.com\/wp-content\/uploads\/2025\/06\/zeitgenoessische-kunst-ortenburg-grando-fine-art.jpg 1125w, https:\/\/richardgrando.com\/wp-content\/uploads\/2025\/06\/zeitgenoessische-kunst-ortenburg-grando-fine-art-225x300.jpg 225w, https:\/\/richardgrando.com\/wp-content\/uploads\/2025\/06\/zeitgenoessische-kunst-ortenburg-grando-fine-art-768x1024.jpg 768w, https:\/\/richardgrando.com\/wp-content\/uploads\/2025\/06\/zeitgenoessische-kunst-ortenburg-grando-fine-art-9x12.jpg 9w, https:\/\/richardgrando.com\/wp-content\/uploads\/2025\/06\/zeitgenoessische-kunst-ortenburg-grando-fine-art-500x667.jpg 500w, https:\/\/richardgrando.com\/wp-content\/uploads\/2025\/06\/zeitgenoessische-kunst-ortenburg-grando-fine-art-800x1067.jpg 800w, https:\/\/richardgrando.com\/wp-content\/uploads\/2025\/06\/zeitgenoessische-kunst-ortenburg-grando-fine-art-400x533.jpg 400w, https:\/\/richardgrando.com\/wp-content\/uploads\/2025\/06\/zeitgenoessische-kunst-ortenburg-grando-fine-art-1000x1333.jpg 1000w\" sizes=\"auto, (max-width: 1125px) 100vw, 1125px\" \/><\/noscript><img fetchpriority=\"high\" decoding=\"async\" width=\"1125\" height=\"1500\" src=\"https:\/\/richardgrando.com\/wp-content\/uploads\/2025\/06\/zeitgenoessische-kunst-ortenburg-grando-fine-art.jpg\" class=\"wp-image-7392 vp-lazyload\" alt=\"Cinematische Fotokunst einer Hand \u00fcber einer Pf\u00fctze mit Himmelsspiegelung in einer Wiese, k\u00fcnstlerische Alltagsabstraktion von Richard Grando.\" srcset=\"data:image\/svg+xml;base64,PHN2ZyB3aWR0aD0iMTEyNSIgaGVpZ2h0PSIxNTAwIiB2aWV3Qm94PSIwIDAgMTEyNSAxNTAwIiBmaWxsPSJub25lIiB4bWxucz0iaHR0cDovL3d3dy53My5vcmcvMjAwMC9zdmciPjwvc3ZnPg==\" data-src=\"https:\/\/richardgrando.com\/wp-content\/uploads\/2025\/06\/zeitgenoessische-kunst-ortenburg-grando-fine-art.jpg\" data-srcset=\"https:\/\/richardgrando.com\/wp-content\/uploads\/2025\/06\/zeitgenoessische-kunst-ortenburg-grando-fine-art.jpg 1125w, https:\/\/richardgrando.com\/wp-content\/uploads\/2025\/06\/zeitgenoessische-kunst-ortenburg-grando-fine-art-225x300.jpg 225w, https:\/\/richardgrando.com\/wp-content\/uploads\/2025\/06\/zeitgenoessische-kunst-ortenburg-grando-fine-art-768x1024.jpg 768w, https:\/\/richardgrando.com\/wp-content\/uploads\/2025\/06\/zeitgenoessische-kunst-ortenburg-grando-fine-art-9x12.jpg 9w, https:\/\/richardgrando.com\/wp-content\/uploads\/2025\/06\/zeitgenoessische-kunst-ortenburg-grando-fine-art-500x667.jpg 500w, https:\/\/richardgrando.com\/wp-content\/uploads\/2025\/06\/zeitgenoessische-kunst-ortenburg-grando-fine-art-800x1067.jpg 800w, https:\/\/richardgrando.com\/wp-content\/uploads\/2025\/06\/zeitgenoessische-kunst-ortenburg-grando-fine-art-400x533.jpg 400w, https:\/\/richardgrando.com\/wp-content\/uploads\/2025\/06\/zeitgenoessische-kunst-ortenburg-grando-fine-art-1000x1333.jpg 1000w\" data-sizes=\"auto\" loading=\"eager\">\n\t\t<div class=\"vp-portfolio__item-overlay\">\n\t\t\t\t\t<\/div>\n\n\t\t<\/a>\t<\/div>\n<\/div>\n\n\t\t\t<\/figure>\n\t\t\t\t\t<\/div>\n\t\t\n\t\t<div\t\tclass=\"vp-portfolio__item-wrap vp-portfolio__item-uid-dc0a4ca6\" data-vp-filter=\"\" \t\t>\n\t\t\t<template class=\"vp-portfolio__item-popup\" data-vp-popup-img=\"https:\/\/richardgrando.com\/wp-content\/uploads\/2025\/06\/kunst-stilleben-zeit-grando.jpg\" data-vp-popup-img-srcset=\"https:\/\/richardgrando.com\/wp-content\/uploads\/2025\/06\/kunst-stilleben-zeit-grando.jpg 1500w, https:\/\/richardgrando.com\/wp-content\/uploads\/2025\/06\/kunst-stilleben-zeit-grando-225x300.jpg 225w, https:\/\/richardgrando.com\/wp-content\/uploads\/2025\/06\/kunst-stilleben-zeit-grando-768x1024.jpg 768w, https:\/\/richardgrando.com\/wp-content\/uploads\/2025\/06\/kunst-stilleben-zeit-grando-1152x1536.jpg 1152w, https:\/\/richardgrando.com\/wp-content\/uploads\/2025\/06\/kunst-stilleben-zeit-grando-9x12.jpg 9w, https:\/\/richardgrando.com\/wp-content\/uploads\/2025\/06\/kunst-stilleben-zeit-grando-500x667.jpg 500w, https:\/\/richardgrando.com\/wp-content\/uploads\/2025\/06\/kunst-stilleben-zeit-grando-800x1067.jpg 800w, https:\/\/richardgrando.com\/wp-content\/uploads\/2025\/06\/kunst-stilleben-zeit-grando-1200x1600.jpg 1200w, https:\/\/richardgrando.com\/wp-content\/uploads\/2025\/06\/kunst-stilleben-zeit-grando-400x533.jpg 400w, https:\/\/richardgrando.com\/wp-content\/uploads\/2025\/06\/kunst-stilleben-zeit-grando-1000x1333.jpg 1000w\" data-vp-popup-img-size=\"1500x2000\" data-vp-popup-md-img=\"https:\/\/richardgrando.com\/wp-content\/uploads\/2025\/06\/kunst-stilleben-zeit-grando-800x1067.jpg\" data-vp-popup-md-img-size=\"800x1067\" data-vp-popup-sm-img=\"https:\/\/richardgrando.com\/wp-content\/uploads\/2025\/06\/kunst-stilleben-zeit-grando-500x667.jpg\" data-vp-popup-sm-img-size=\"500x667\">\n\t<\/template>\n\t\t\t\t\t\t<figure class=\"vp-portfolio__item\">\n\t\t\t\t\n<div class=\"vp-portfolio__item-img-wrap\">\n\t<div class=\"vp-portfolio__item-img\">\n\t\t\t<a\n\t\thref=\"https:\/\/richardgrando.com\/wp-content\/uploads\/2025\/06\/kunst-stilleben-zeit-grando.jpg\"\n\t\taria-label=\"Open image\" \t>\n\t\n\t\t<noscript><img loading=\"lazy\" decoding=\"async\" width=\"1500\" height=\"2000\" data-skip-lazy src=\"https:\/\/richardgrando.com\/wp-content\/uploads\/2025\/06\/kunst-stilleben-zeit-grando.jpg\" class=\"wp-image-7419\" alt=\"Minimalistisches Fine-Art-Stillleben zum Thema Zeit und Verg\u00e4nglichkeit, k\u00fcnstlerische Fotografie von Richard Grando.\" srcset=\"https:\/\/richardgrando.com\/wp-content\/uploads\/2025\/06\/kunst-stilleben-zeit-grando.jpg 1500w, https:\/\/richardgrando.com\/wp-content\/uploads\/2025\/06\/kunst-stilleben-zeit-grando-225x300.jpg 225w, https:\/\/richardgrando.com\/wp-content\/uploads\/2025\/06\/kunst-stilleben-zeit-grando-768x1024.jpg 768w, https:\/\/richardgrando.com\/wp-content\/uploads\/2025\/06\/kunst-stilleben-zeit-grando-1152x1536.jpg 1152w, https:\/\/richardgrando.com\/wp-content\/uploads\/2025\/06\/kunst-stilleben-zeit-grando-9x12.jpg 9w, https:\/\/richardgrando.com\/wp-content\/uploads\/2025\/06\/kunst-stilleben-zeit-grando-500x667.jpg 500w, https:\/\/richardgrando.com\/wp-content\/uploads\/2025\/06\/kunst-stilleben-zeit-grando-800x1067.jpg 800w, https:\/\/richardgrando.com\/wp-content\/uploads\/2025\/06\/kunst-stilleben-zeit-grando-1200x1600.jpg 1200w, https:\/\/richardgrando.com\/wp-content\/uploads\/2025\/06\/kunst-stilleben-zeit-grando-400x533.jpg 400w, https:\/\/richardgrando.com\/wp-content\/uploads\/2025\/06\/kunst-stilleben-zeit-grando-1000x1333.jpg 1000w\" sizes=\"auto, (max-width: 1500px) 100vw, 1500px\" \/><\/noscript><img decoding=\"async\" width=\"1500\" height=\"2000\" src=\"https:\/\/richardgrando.com\/wp-content\/uploads\/2025\/06\/kunst-stilleben-zeit-grando.jpg\" class=\"wp-image-7419 vp-lazyload\" alt=\"Minimalistisches Fine-Art-Stillleben zum Thema Zeit und Verg\u00e4nglichkeit, k\u00fcnstlerische Fotografie von Richard Grando.\" srcset=\"data:image\/svg+xml;base64,PHN2ZyB3aWR0aD0iMTUwMCIgaGVpZ2h0PSIyMDAwIiB2aWV3Qm94PSIwIDAgMTUwMCAyMDAwIiBmaWxsPSJub25lIiB4bWxucz0iaHR0cDovL3d3dy53My5vcmcvMjAwMC9zdmciPjwvc3ZnPg==\" data-src=\"https:\/\/richardgrando.com\/wp-content\/uploads\/2025\/06\/kunst-stilleben-zeit-grando.jpg\" data-srcset=\"https:\/\/richardgrando.com\/wp-content\/uploads\/2025\/06\/kunst-stilleben-zeit-grando.jpg 1500w, https:\/\/richardgrando.com\/wp-content\/uploads\/2025\/06\/kunst-stilleben-zeit-grando-225x300.jpg 225w, https:\/\/richardgrando.com\/wp-content\/uploads\/2025\/06\/kunst-stilleben-zeit-grando-768x1024.jpg 768w, https:\/\/richardgrando.com\/wp-content\/uploads\/2025\/06\/kunst-stilleben-zeit-grando-1152x1536.jpg 1152w, https:\/\/richardgrando.com\/wp-content\/uploads\/2025\/06\/kunst-stilleben-zeit-grando-9x12.jpg 9w, https:\/\/richardgrando.com\/wp-content\/uploads\/2025\/06\/kunst-stilleben-zeit-grando-500x667.jpg 500w, https:\/\/richardgrando.com\/wp-content\/uploads\/2025\/06\/kunst-stilleben-zeit-grando-800x1067.jpg 800w, https:\/\/richardgrando.com\/wp-content\/uploads\/2025\/06\/kunst-stilleben-zeit-grando-1200x1600.jpg 1200w, https:\/\/richardgrando.com\/wp-content\/uploads\/2025\/06\/kunst-stilleben-zeit-grando-400x533.jpg 400w, https:\/\/richardgrando.com\/wp-content\/uploads\/2025\/06\/kunst-stilleben-zeit-grando-1000x1333.jpg 1000w\" data-sizes=\"auto\" loading=\"eager\">\n\t\t<div class=\"vp-portfolio__item-overlay\">\n\t\t\t\t\t<\/div>\n\n\t\t<\/a>\t<\/div>\n<\/div>\n\n\t\t\t<\/figure>\n\t\t\t\t\t<\/div>\n\t\t\n\t\t<div\t\tclass=\"vp-portfolio__item-wrap vp-portfolio__item-uid-ecad06e0\" data-vp-filter=\"\" \t\t>\n\t\t\t<template class=\"vp-portfolio__item-popup\" data-vp-popup-img=\"https:\/\/richardgrando.com\/wp-content\/uploads\/2025\/06\/rosen-fotokunst-grando-fineart.jpg\" data-vp-popup-img-srcset=\"https:\/\/richardgrando.com\/wp-content\/uploads\/2025\/06\/rosen-fotokunst-grando-fineart.jpg 1500w, https:\/\/richardgrando.com\/wp-content\/uploads\/2025\/06\/rosen-fotokunst-grando-fineart-225x300.jpg 225w, https:\/\/richardgrando.com\/wp-content\/uploads\/2025\/06\/rosen-fotokunst-grando-fineart-768x1024.jpg 768w, https:\/\/richardgrando.com\/wp-content\/uploads\/2025\/06\/rosen-fotokunst-grando-fineart-1152x1536.jpg 1152w, https:\/\/richardgrando.com\/wp-content\/uploads\/2025\/06\/rosen-fotokunst-grando-fineart-9x12.jpg 9w, https:\/\/richardgrando.com\/wp-content\/uploads\/2025\/06\/rosen-fotokunst-grando-fineart-500x667.jpg 500w, https:\/\/richardgrando.com\/wp-content\/uploads\/2025\/06\/rosen-fotokunst-grando-fineart-800x1067.jpg 800w, https:\/\/richardgrando.com\/wp-content\/uploads\/2025\/06\/rosen-fotokunst-grando-fineart-1200x1600.jpg 1200w, https:\/\/richardgrando.com\/wp-content\/uploads\/2025\/06\/rosen-fotokunst-grando-fineart-400x533.jpg 400w, https:\/\/richardgrando.com\/wp-content\/uploads\/2025\/06\/rosen-fotokunst-grando-fineart-1000x1333.jpg 1000w\" data-vp-popup-img-size=\"1500x2000\" data-vp-popup-md-img=\"https:\/\/richardgrando.com\/wp-content\/uploads\/2025\/06\/rosen-fotokunst-grando-fineart-800x1067.jpg\" data-vp-popup-md-img-size=\"800x1067\" data-vp-popup-sm-img=\"https:\/\/richardgrando.com\/wp-content\/uploads\/2025\/06\/rosen-fotokunst-grando-fineart-500x667.jpg\" data-vp-popup-sm-img-size=\"500x667\">\n\t<\/template>\n\t\t\t\t\t\t<figure class=\"vp-portfolio__item\">\n\t\t\t\t\n<div class=\"vp-portfolio__item-img-wrap\">\n\t<div class=\"vp-portfolio__item-img\">\n\t\t\t<a\n\t\thref=\"https:\/\/richardgrando.com\/wp-content\/uploads\/2025\/06\/rosen-fotokunst-grando-fineart.jpg\"\n\t\taria-label=\"Open image\" \t>\n\t\n\t\t<noscript><img loading=\"lazy\" decoding=\"async\" width=\"1500\" height=\"2000\" data-skip-lazy src=\"https:\/\/richardgrando.com\/wp-content\/uploads\/2025\/06\/rosen-fotokunst-grando-fineart.jpg\" class=\"wp-image-7418\" alt=\"Melancholische Fotokunst verwelkter Rosen, kontrastreiches Stillleben von Richard Grando (Passau \/ Niederbayern).\" srcset=\"https:\/\/richardgrando.com\/wp-content\/uploads\/2025\/06\/rosen-fotokunst-grando-fineart.jpg 1500w, https:\/\/richardgrando.com\/wp-content\/uploads\/2025\/06\/rosen-fotokunst-grando-fineart-225x300.jpg 225w, https:\/\/richardgrando.com\/wp-content\/uploads\/2025\/06\/rosen-fotokunst-grando-fineart-768x1024.jpg 768w, https:\/\/richardgrando.com\/wp-content\/uploads\/2025\/06\/rosen-fotokunst-grando-fineart-1152x1536.jpg 1152w, https:\/\/richardgrando.com\/wp-content\/uploads\/2025\/06\/rosen-fotokunst-grando-fineart-9x12.jpg 9w, https:\/\/richardgrando.com\/wp-content\/uploads\/2025\/06\/rosen-fotokunst-grando-fineart-500x667.jpg 500w, https:\/\/richardgrando.com\/wp-content\/uploads\/2025\/06\/rosen-fotokunst-grando-fineart-800x1067.jpg 800w, https:\/\/richardgrando.com\/wp-content\/uploads\/2025\/06\/rosen-fotokunst-grando-fineart-1200x1600.jpg 1200w, https:\/\/richardgrando.com\/wp-content\/uploads\/2025\/06\/rosen-fotokunst-grando-fineart-400x533.jpg 400w, https:\/\/richardgrando.com\/wp-content\/uploads\/2025\/06\/rosen-fotokunst-grando-fineart-1000x1333.jpg 1000w\" sizes=\"auto, (max-width: 1500px) 100vw, 1500px\" \/><\/noscript><img decoding=\"async\" width=\"1500\" height=\"2000\" src=\"https:\/\/richardgrando.com\/wp-content\/uploads\/2025\/06\/rosen-fotokunst-grando-fineart.jpg\" class=\"wp-image-7418 vp-lazyload\" alt=\"Melancholische Fotokunst verwelkter Rosen, kontrastreiches Stillleben von Richard Grando (Passau \/ Niederbayern).\" srcset=\"data:image\/svg+xml;base64,PHN2ZyB3aWR0aD0iMTUwMCIgaGVpZ2h0PSIyMDAwIiB2aWV3Qm94PSIwIDAgMTUwMCAyMDAwIiBmaWxsPSJub25lIiB4bWxucz0iaHR0cDovL3d3dy53My5vcmcvMjAwMC9zdmciPjwvc3ZnPg==\" data-src=\"https:\/\/richardgrando.com\/wp-content\/uploads\/2025\/06\/rosen-fotokunst-grando-fineart.jpg\" data-srcset=\"https:\/\/richardgrando.com\/wp-content\/uploads\/2025\/06\/rosen-fotokunst-grando-fineart.jpg 1500w, https:\/\/richardgrando.com\/wp-content\/uploads\/2025\/06\/rosen-fotokunst-grando-fineart-225x300.jpg 225w, https:\/\/richardgrando.com\/wp-content\/uploads\/2025\/06\/rosen-fotokunst-grando-fineart-768x1024.jpg 768w, https:\/\/richardgrando.com\/wp-content\/uploads\/2025\/06\/rosen-fotokunst-grando-fineart-1152x1536.jpg 1152w, https:\/\/richardgrando.com\/wp-content\/uploads\/2025\/06\/rosen-fotokunst-grando-fineart-9x12.jpg 9w, https:\/\/richardgrando.com\/wp-content\/uploads\/2025\/06\/rosen-fotokunst-grando-fineart-500x667.jpg 500w, https:\/\/richardgrando.com\/wp-content\/uploads\/2025\/06\/rosen-fotokunst-grando-fineart-800x1067.jpg 800w, https:\/\/richardgrando.com\/wp-content\/uploads\/2025\/06\/rosen-fotokunst-grando-fineart-1200x1600.jpg 1200w, https:\/\/richardgrando.com\/wp-content\/uploads\/2025\/06\/rosen-fotokunst-grando-fineart-400x533.jpg 400w, https:\/\/richardgrando.com\/wp-content\/uploads\/2025\/06\/rosen-fotokunst-grando-fineart-1000x1333.jpg 1000w\" data-sizes=\"auto\" loading=\"eager\">\n\t\t<div class=\"vp-portfolio__item-overlay\">\n\t\t\t\t\t<\/div>\n\n\t\t<\/a>\t<\/div>\n<\/div>\n\n\t\t\t<\/figure>\n\t\t\t\t\t<\/div>\n\t\t\n\t\t<div\t\tclass=\"vp-portfolio__item-wrap vp-portfolio__item-uid-1c5bb3dd\" data-vp-filter=\"\" \t\t>\n\t\t\t<template class=\"vp-portfolio__item-popup\" data-vp-popup-img=\"https:\/\/richardgrando.com\/wp-content\/uploads\/2025\/06\/kunstfotografie-passau-stille-minimalismus-grando.jpg\" data-vp-popup-img-srcset=\"https:\/\/richardgrando.com\/wp-content\/uploads\/2025\/06\/kunstfotografie-passau-stille-minimalismus-grando.jpg 1125w, https:\/\/richardgrando.com\/wp-content\/uploads\/2025\/06\/kunstfotografie-passau-stille-minimalismus-grando-225x300.jpg 225w, https:\/\/richardgrando.com\/wp-content\/uploads\/2025\/06\/kunstfotografie-passau-stille-minimalismus-grando-768x1024.jpg 768w, https:\/\/richardgrando.com\/wp-content\/uploads\/2025\/06\/kunstfotografie-passau-stille-minimalismus-grando-9x12.jpg 9w, https:\/\/richardgrando.com\/wp-content\/uploads\/2025\/06\/kunstfotografie-passau-stille-minimalismus-grando-500x667.jpg 500w, https:\/\/richardgrando.com\/wp-content\/uploads\/2025\/06\/kunstfotografie-passau-stille-minimalismus-grando-800x1067.jpg 800w, https:\/\/richardgrando.com\/wp-content\/uploads\/2025\/06\/kunstfotografie-passau-stille-minimalismus-grando-400x533.jpg 400w, https:\/\/richardgrando.com\/wp-content\/uploads\/2025\/06\/kunstfotografie-passau-stille-minimalismus-grando-1000x1333.jpg 1000w\" data-vp-popup-img-size=\"1125x1500\" data-vp-popup-md-img=\"https:\/\/richardgrando.com\/wp-content\/uploads\/2025\/06\/kunstfotografie-passau-stille-minimalismus-grando-800x1067.jpg\" data-vp-popup-md-img-size=\"800x1067\" data-vp-popup-sm-img=\"https:\/\/richardgrando.com\/wp-content\/uploads\/2025\/06\/kunstfotografie-passau-stille-minimalismus-grando-500x667.jpg\" data-vp-popup-sm-img-size=\"500x667\">\n\t<\/template>\n\t\t\t\t\t\t<figure class=\"vp-portfolio__item\">\n\t\t\t\t\n<div class=\"vp-portfolio__item-img-wrap\">\n\t<div class=\"vp-portfolio__item-img\">\n\t\t\t<a\n\t\thref=\"https:\/\/richardgrando.com\/wp-content\/uploads\/2025\/06\/kunstfotografie-passau-stille-minimalismus-grando.jpg\"\n\t\taria-label=\"Open image\" \t>\n\t\n\t\t<noscript><img loading=\"lazy\" decoding=\"async\" width=\"1125\" height=\"1500\" data-skip-lazy src=\"https:\/\/richardgrando.com\/wp-content\/uploads\/2025\/06\/kunstfotografie-passau-stille-minimalismus-grando.jpg\" class=\"wp-image-7398\" alt=\"Minimalistische Kunstfotografie mit Fokus auf Licht und Leere, atmosph\u00e4risches Stillleben von Richard Grando aus der Region Passau.\" srcset=\"https:\/\/richardgrando.com\/wp-content\/uploads\/2025\/06\/kunstfotografie-passau-stille-minimalismus-grando.jpg 1125w, https:\/\/richardgrando.com\/wp-content\/uploads\/2025\/06\/kunstfotografie-passau-stille-minimalismus-grando-225x300.jpg 225w, https:\/\/richardgrando.com\/wp-content\/uploads\/2025\/06\/kunstfotografie-passau-stille-minimalismus-grando-768x1024.jpg 768w, https:\/\/richardgrando.com\/wp-content\/uploads\/2025\/06\/kunstfotografie-passau-stille-minimalismus-grando-9x12.jpg 9w, https:\/\/richardgrando.com\/wp-content\/uploads\/2025\/06\/kunstfotografie-passau-stille-minimalismus-grando-500x667.jpg 500w, https:\/\/richardgrando.com\/wp-content\/uploads\/2025\/06\/kunstfotografie-passau-stille-minimalismus-grando-800x1067.jpg 800w, https:\/\/richardgrando.com\/wp-content\/uploads\/2025\/06\/kunstfotografie-passau-stille-minimalismus-grando-400x533.jpg 400w, https:\/\/richardgrando.com\/wp-content\/uploads\/2025\/06\/kunstfotografie-passau-stille-minimalismus-grando-1000x1333.jpg 1000w\" sizes=\"auto, (max-width: 1125px) 100vw, 1125px\" \/><\/noscript><img decoding=\"async\" width=\"1125\" height=\"1500\" src=\"https:\/\/richardgrando.com\/wp-content\/uploads\/2025\/06\/kunstfotografie-passau-stille-minimalismus-grando.jpg\" class=\"wp-image-7398 vp-lazyload\" alt=\"Minimalistische Kunstfotografie mit Fokus auf Licht und Leere, atmosph\u00e4risches Stillleben von Richard Grando aus der Region Passau.\" srcset=\"data:image\/svg+xml;base64,PHN2ZyB3aWR0aD0iMTEyNSIgaGVpZ2h0PSIxNTAwIiB2aWV3Qm94PSIwIDAgMTEyNSAxNTAwIiBmaWxsPSJub25lIiB4bWxucz0iaHR0cDovL3d3dy53My5vcmcvMjAwMC9zdmciPjwvc3ZnPg==\" data-src=\"https:\/\/richardgrando.com\/wp-content\/uploads\/2025\/06\/kunstfotografie-passau-stille-minimalismus-grando.jpg\" data-srcset=\"https:\/\/richardgrando.com\/wp-content\/uploads\/2025\/06\/kunstfotografie-passau-stille-minimalismus-grando.jpg 1125w, https:\/\/richardgrando.com\/wp-content\/uploads\/2025\/06\/kunstfotografie-passau-stille-minimalismus-grando-225x300.jpg 225w, https:\/\/richardgrando.com\/wp-content\/uploads\/2025\/06\/kunstfotografie-passau-stille-minimalismus-grando-768x1024.jpg 768w, https:\/\/richardgrando.com\/wp-content\/uploads\/2025\/06\/kunstfotografie-passau-stille-minimalismus-grando-9x12.jpg 9w, https:\/\/richardgrando.com\/wp-content\/uploads\/2025\/06\/kunstfotografie-passau-stille-minimalismus-grando-500x667.jpg 500w, https:\/\/richardgrando.com\/wp-content\/uploads\/2025\/06\/kunstfotografie-passau-stille-minimalismus-grando-800x1067.jpg 800w, https:\/\/richardgrando.com\/wp-content\/uploads\/2025\/06\/kunstfotografie-passau-stille-minimalismus-grando-400x533.jpg 400w, https:\/\/richardgrando.com\/wp-content\/uploads\/2025\/06\/kunstfotografie-passau-stille-minimalismus-grando-1000x1333.jpg 1000w\" data-sizes=\"auto\" loading=\"eager\">\n\t\t<div class=\"vp-portfolio__item-overlay\">\n\t\t\t\t\t<\/div>\n\n\t\t<\/a>\t<\/div>\n<\/div>\n\n\t\t\t<\/figure>\n\t\t\t\t\t<\/div>\n\t\t\n\t\t<div\t\tclass=\"vp-portfolio__item-wrap vp-portfolio__item-uid-39a9b645\" data-vp-filter=\"\" \t\t>\n\t\t\t<template class=\"vp-portfolio__item-popup\" data-vp-popup-img=\"https:\/\/richardgrando.com\/wp-content\/uploads\/2025\/06\/kunstdrucke-passau-grando-stille-einsamkeit.jpg\" data-vp-popup-img-srcset=\"https:\/\/richardgrando.com\/wp-content\/uploads\/2025\/06\/kunstdrucke-passau-grando-stille-einsamkeit.jpg 1125w, https:\/\/richardgrando.com\/wp-content\/uploads\/2025\/06\/kunstdrucke-passau-grando-stille-einsamkeit-225x300.jpg 225w, https:\/\/richardgrando.com\/wp-content\/uploads\/2025\/06\/kunstdrucke-passau-grando-stille-einsamkeit-768x1024.jpg 768w, https:\/\/richardgrando.com\/wp-content\/uploads\/2025\/06\/kunstdrucke-passau-grando-stille-einsamkeit-9x12.jpg 9w, https:\/\/richardgrando.com\/wp-content\/uploads\/2025\/06\/kunstdrucke-passau-grando-stille-einsamkeit-500x667.jpg 500w, https:\/\/richardgrando.com\/wp-content\/uploads\/2025\/06\/kunstdrucke-passau-grando-stille-einsamkeit-800x1067.jpg 800w, https:\/\/richardgrando.com\/wp-content\/uploads\/2025\/06\/kunstdrucke-passau-grando-stille-einsamkeit-400x533.jpg 400w, https:\/\/richardgrando.com\/wp-content\/uploads\/2025\/06\/kunstdrucke-passau-grando-stille-einsamkeit-1000x1333.jpg 1000w\" data-vp-popup-img-size=\"1125x1500\" data-vp-popup-md-img=\"https:\/\/richardgrando.com\/wp-content\/uploads\/2025\/06\/kunstdrucke-passau-grando-stille-einsamkeit-800x1067.jpg\" data-vp-popup-md-img-size=\"800x1067\" data-vp-popup-sm-img=\"https:\/\/richardgrando.com\/wp-content\/uploads\/2025\/06\/kunstdrucke-passau-grando-stille-einsamkeit-500x667.jpg\" data-vp-popup-sm-img-size=\"500x667\">\n\t<\/template>\n\t\t\t\t\t\t<figure class=\"vp-portfolio__item\">\n\t\t\t\t\n<div class=\"vp-portfolio__item-img-wrap\">\n\t<div class=\"vp-portfolio__item-img\">\n\t\t\t<a\n\t\thref=\"https:\/\/richardgrando.com\/wp-content\/uploads\/2025\/06\/kunstdrucke-passau-grando-stille-einsamkeit.jpg\"\n\t\taria-label=\"Open image\" \t>\n\t\n\t\t<noscript><img loading=\"lazy\" decoding=\"async\" width=\"1125\" height=\"1500\" data-skip-lazy src=\"https:\/\/richardgrando.com\/wp-content\/uploads\/2025\/06\/kunstdrucke-passau-grando-stille-einsamkeit.jpg\" class=\"wp-image-7393\" alt=\"Konzeptuelle Fotokunst im Stil des filmischen Surrealismus (David Lynch), mysteri\u00f6se und beunruhigende Szenerie von Richard Grando.\" srcset=\"https:\/\/richardgrando.com\/wp-content\/uploads\/2025\/06\/kunstdrucke-passau-grando-stille-einsamkeit.jpg 1125w, https:\/\/richardgrando.com\/wp-content\/uploads\/2025\/06\/kunstdrucke-passau-grando-stille-einsamkeit-225x300.jpg 225w, https:\/\/richardgrando.com\/wp-content\/uploads\/2025\/06\/kunstdrucke-passau-grando-stille-einsamkeit-768x1024.jpg 768w, https:\/\/richardgrando.com\/wp-content\/uploads\/2025\/06\/kunstdrucke-passau-grando-stille-einsamkeit-9x12.jpg 9w, https:\/\/richardgrando.com\/wp-content\/uploads\/2025\/06\/kunstdrucke-passau-grando-stille-einsamkeit-500x667.jpg 500w, https:\/\/richardgrando.com\/wp-content\/uploads\/2025\/06\/kunstdrucke-passau-grando-stille-einsamkeit-800x1067.jpg 800w, https:\/\/richardgrando.com\/wp-content\/uploads\/2025\/06\/kunstdrucke-passau-grando-stille-einsamkeit-400x533.jpg 400w, https:\/\/richardgrando.com\/wp-content\/uploads\/2025\/06\/kunstdrucke-passau-grando-stille-einsamkeit-1000x1333.jpg 1000w\" sizes=\"auto, (max-width: 1125px) 100vw, 1125px\" \/><\/noscript><img decoding=\"async\" width=\"1125\" height=\"1500\" src=\"https:\/\/richardgrando.com\/wp-content\/uploads\/2025\/06\/kunstdrucke-passau-grando-stille-einsamkeit.jpg\" class=\"wp-image-7393 vp-lazyload\" alt=\"Konzeptuelle Fotokunst im Stil des filmischen Surrealismus (David Lynch), mysteri\u00f6se und beunruhigende Szenerie von Richard Grando.\" srcset=\"data:image\/svg+xml;base64,PHN2ZyB3aWR0aD0iMTEyNSIgaGVpZ2h0PSIxNTAwIiB2aWV3Qm94PSIwIDAgMTEyNSAxNTAwIiBmaWxsPSJub25lIiB4bWxucz0iaHR0cDovL3d3dy53My5vcmcvMjAwMC9zdmciPjwvc3ZnPg==\" data-src=\"https:\/\/richardgrando.com\/wp-content\/uploads\/2025\/06\/kunstdrucke-passau-grando-stille-einsamkeit.jpg\" data-srcset=\"https:\/\/richardgrando.com\/wp-content\/uploads\/2025\/06\/kunstdrucke-passau-grando-stille-einsamkeit.jpg 1125w, https:\/\/richardgrando.com\/wp-content\/uploads\/2025\/06\/kunstdrucke-passau-grando-stille-einsamkeit-225x300.jpg 225w, https:\/\/richardgrando.com\/wp-content\/uploads\/2025\/06\/kunstdrucke-passau-grando-stille-einsamkeit-768x1024.jpg 768w, https:\/\/richardgrando.com\/wp-content\/uploads\/2025\/06\/kunstdrucke-passau-grando-stille-einsamkeit-9x12.jpg 9w, https:\/\/richardgrando.com\/wp-content\/uploads\/2025\/06\/kunstdrucke-passau-grando-stille-einsamkeit-500x667.jpg 500w, https:\/\/richardgrando.com\/wp-content\/uploads\/2025\/06\/kunstdrucke-passau-grando-stille-einsamkeit-800x1067.jpg 800w, https:\/\/richardgrando.com\/wp-content\/uploads\/2025\/06\/kunstdrucke-passau-grando-stille-einsamkeit-400x533.jpg 400w, https:\/\/richardgrando.com\/wp-content\/uploads\/2025\/06\/kunstdrucke-passau-grando-stille-einsamkeit-1000x1333.jpg 1000w\" data-sizes=\"auto\" loading=\"eager\">\n\t\t<div class=\"vp-portfolio__item-overlay\">\n\t\t\t\t\t<\/div>\n\n\t\t<\/a>\t<\/div>\n<\/div>\n\n\t\t\t<\/figure>\n\t\t\t\t\t<\/div>\n\t\t\n\t\t<div\t\tclass=\"vp-portfolio__item-wrap vp-portfolio__item-uid-9aad0a56\" data-vp-filter=\"\" \t\t>\n\t\t\t<template class=\"vp-portfolio__item-popup\" data-vp-popup-img=\"https:\/\/richardgrando.com\/wp-content\/uploads\/2025\/06\/fine-at-print-passau-edition-grando.jpg\" data-vp-popup-img-srcset=\"https:\/\/richardgrando.com\/wp-content\/uploads\/2025\/06\/fine-at-print-passau-edition-grando.jpg 1000w, https:\/\/richardgrando.com\/wp-content\/uploads\/2025\/06\/fine-at-print-passau-edition-grando-225x300.jpg 225w, https:\/\/richardgrando.com\/wp-content\/uploads\/2025\/06\/fine-at-print-passau-edition-grando-768x1024.jpg 768w, https:\/\/richardgrando.com\/wp-content\/uploads\/2025\/06\/fine-at-print-passau-edition-grando-9x12.jpg 9w, https:\/\/richardgrando.com\/wp-content\/uploads\/2025\/06\/fine-at-print-passau-edition-grando-500x667.jpg 500w, https:\/\/richardgrando.com\/wp-content\/uploads\/2025\/06\/fine-at-print-passau-edition-grando-800x1066.jpg 800w, https:\/\/richardgrando.com\/wp-content\/uploads\/2025\/06\/fine-at-print-passau-edition-grando-400x533.jpg 400w\" data-vp-popup-img-size=\"1000x1333\" data-vp-popup-md-img=\"https:\/\/richardgrando.com\/wp-content\/uploads\/2025\/06\/fine-at-print-passau-edition-grando-800x1066.jpg\" data-vp-popup-md-img-size=\"800x1066\" data-vp-popup-sm-img=\"https:\/\/richardgrando.com\/wp-content\/uploads\/2025\/06\/fine-at-print-passau-edition-grando-500x667.jpg\" data-vp-popup-sm-img-size=\"500x667\">\n\t<\/template>\n\t\t\t\t\t\t<figure class=\"vp-portfolio__item\">\n\t\t\t\t\n<div class=\"vp-portfolio__item-img-wrap\">\n\t<div class=\"vp-portfolio__item-img\">\n\t\t\t<a\n\t\thref=\"https:\/\/richardgrando.com\/wp-content\/uploads\/2025\/06\/fine-at-print-passau-edition-grando.jpg\"\n\t\taria-label=\"Open image\" \t>\n\t\n\t\t<noscript><img loading=\"lazy\" decoding=\"async\" width=\"1000\" height=\"1333\" data-skip-lazy src=\"https:\/\/richardgrando.com\/wp-content\/uploads\/2025\/06\/fine-at-print-passau-edition-grando.jpg\" class=\"wp-image-7394\" alt=\"Exklusiver Fine-Art-Print aus der Edition Passau, hochwertige Kunstfotografie von Richard Grando f\u00fcr Sammler und Liebhaber.\" srcset=\"https:\/\/richardgrando.com\/wp-content\/uploads\/2025\/06\/fine-at-print-passau-edition-grando.jpg 1000w, https:\/\/richardgrando.com\/wp-content\/uploads\/2025\/06\/fine-at-print-passau-edition-grando-225x300.jpg 225w, https:\/\/richardgrando.com\/wp-content\/uploads\/2025\/06\/fine-at-print-passau-edition-grando-768x1024.jpg 768w, https:\/\/richardgrando.com\/wp-content\/uploads\/2025\/06\/fine-at-print-passau-edition-grando-9x12.jpg 9w, https:\/\/richardgrando.com\/wp-content\/uploads\/2025\/06\/fine-at-print-passau-edition-grando-500x667.jpg 500w, https:\/\/richardgrando.com\/wp-content\/uploads\/2025\/06\/fine-at-print-passau-edition-grando-800x1066.jpg 800w, https:\/\/richardgrando.com\/wp-content\/uploads\/2025\/06\/fine-at-print-passau-edition-grando-400x533.jpg 400w\" sizes=\"auto, (max-width: 1000px) 100vw, 1000px\" \/><\/noscript><img decoding=\"async\" width=\"1000\" height=\"1333\" src=\"https:\/\/richardgrando.com\/wp-content\/uploads\/2025\/06\/fine-at-print-passau-edition-grando.jpg\" class=\"wp-image-7394 vp-lazyload\" alt=\"Exklusiver Fine-Art-Print aus der Edition Passau, hochwertige Kunstfotografie von Richard Grando f\u00fcr Sammler und Liebhaber.\" srcset=\"data:image\/svg+xml;base64,PHN2ZyB3aWR0aD0iMTAwMCIgaGVpZ2h0PSIxMzMzIiB2aWV3Qm94PSIwIDAgMTAwMCAxMzMzIiBmaWxsPSJub25lIiB4bWxucz0iaHR0cDovL3d3dy53My5vcmcvMjAwMC9zdmciPjwvc3ZnPg==\" data-src=\"https:\/\/richardgrando.com\/wp-content\/uploads\/2025\/06\/fine-at-print-passau-edition-grando.jpg\" data-srcset=\"https:\/\/richardgrando.com\/wp-content\/uploads\/2025\/06\/fine-at-print-passau-edition-grando.jpg 1000w, https:\/\/richardgrando.com\/wp-content\/uploads\/2025\/06\/fine-at-print-passau-edition-grando-225x300.jpg 225w, https:\/\/richardgrando.com\/wp-content\/uploads\/2025\/06\/fine-at-print-passau-edition-grando-768x1024.jpg 768w, https:\/\/richardgrando.com\/wp-content\/uploads\/2025\/06\/fine-at-print-passau-edition-grando-9x12.jpg 9w, https:\/\/richardgrando.com\/wp-content\/uploads\/2025\/06\/fine-at-print-passau-edition-grando-500x667.jpg 500w, https:\/\/richardgrando.com\/wp-content\/uploads\/2025\/06\/fine-at-print-passau-edition-grando-800x1066.jpg 800w, https:\/\/richardgrando.com\/wp-content\/uploads\/2025\/06\/fine-at-print-passau-edition-grando-400x533.jpg 400w\" data-sizes=\"auto\" loading=\"eager\">\n\t\t<div class=\"vp-portfolio__item-overlay\">\n\t\t\t\t\t<\/div>\n\n\t\t<\/a>\t<\/div>\n<\/div>\n\n\t\t\t<\/figure>\n\t\t\t\t\t<\/div>\n\t\t\n<\/div>\n\t\t<\/div>\n\t\t\t\t<div class=\"vp-portfolio__layout-elements vp-portfolio__layout-elements-bottom vp-portfolio__layout-elements-align-center\">\n\t\t\t\t<div class=\"vp-portfolio__pagination-wrap\">\n\t\t\n<div class=\"vp-pagination vp-pagination__style-minimal\" data-vp-pagination-type=\"infinite\">\n\t<div class=\"vp-pagination__item\">\n\t\t<a class=\"vp-pagination__load-more\" href=\"https:\/\/richardgrando.com\/en\/wp-json\/wp\/v2\/pages\/7382?vp_page=2\">\n\t\t\t<span>Load More<\/span>\n\t\t\t<span class=\"vp-pagination__load-more-loading\"><span class=\"vp-spinner\"><\/span><span class=\"vp-screen-reader-text\"> Loading More&#8230;<\/span><\/span>\n\t\t\t<span class=\"vp-pagination__load-more-no-more\">You\u2019ve reached the end of the list<\/span>\n\t\t<\/a>\n\t<\/div>\n<\/div>\n\t\t<\/div>\n\t\t\t\t<\/div>\n\t\t\n<\/div>\n<\/div>","protected":false},"excerpt":{"rendered":"","protected":false},"author":6,"featured_media":0,"parent":0,"menu_order":0,"comment_status":"closed","ping_status":"closed","template":"","meta":{"_vp_format_video_url":"","_vp_image_focal_point":[],"footnotes":""},"class_list":["post-7382","page","type-page","status-publish","hentry"],"_links":{"self":[{"href":"https:\/\/richardgrando.com\/en\/wp-json\/wp\/v2\/pages\/7382","targetHints":{"allow":["GET"]}}],"collection":[{"href":"https:\/\/richardgrando.com\/en\/wp-json\/wp\/v2\/pages"}],"about":[{"href":"https:\/\/richardgrando.com\/en\/wp-json\/wp\/v2\/types\/page"}],"author":[{"embeddable":true,"href":"https:\/\/richardgrando.com\/en\/wp-json\/wp\/v2\/users\/6"}],"replies":[{"embeddable":true,"href":"https:\/\/richardgrando.com\/en\/wp-json\/wp\/v2\/comments?post=7382"}],"version-history":[{"count":9,"href":"https:\/\/richardgrando.com\/en\/wp-json\/wp\/v2\/pages\/7382\/revisions"}],"predecessor-version":[{"id":7498,"href":"https:\/\/richardgrando.com\/en\/wp-json\/wp\/v2\/pages\/7382\/revisions\/7498"}],"wp:attachment":[{"href":"https:\/\/richardgrando.com\/en\/wp-json\/wp\/v2\/media?parent=7382"}],"curies":[{"name":"wp","href":"https:\/\/api.w.org\/{rel}","templated":true}]}}